{"id":692,"date":"2018-10-18T16:12:35","date_gmt":"2018-10-18T16:12:35","guid":{"rendered":"http:\/\/www.edv-beratung-hartmann.de\/WP\/?page_id=692"},"modified":"2018-10-18T16:46:20","modified_gmt":"2018-10-18T16:46:20","slug":"datenschutzerklaerung","status":"publish","type":"page","link":"https:\/\/www.edv-beratung-hartmann.de\/WP\/?page_id=692","title":{"rendered":"Datenschutzerkl\u00e4rung"},"content":{"rendered":"<h4>I.\u00a0\u00a0\u00a0\u00a0\u00a0\u00a0\u00a0\u00a0\u00a0 Kontaktdaten des Verantwortlichen<\/h4>\n<p>Der Verantwortliche im Sinne der Datenschutz-Grundverordnung und anderer nationaler Datenschutzgesetze der Mitgliedsstaaten sowie sonstiger datenschutzrechtlicher Bestimmungen ist die:<\/p>\n<p>EDV Beratung Hartmann<br \/>\nJohannes-Mechtel-Strasse 3b<br \/>\n65549 Limburg<br \/>\nDeutschland<\/p>\n<p>Tel.:\u00a0\u00a0\u00a0\u00a0\u00a0\u00a0\u00a0\u00a0 06431-47575<br \/>\nE-Mail:\u00a0\u00a0 \u00a0 <a href=\"mailto:info@edv-beratung-hartmann.de\" target=\"_blank\" rel=\"noopener noreferrer\">info@edv-beratung-hartmann.de<\/a><br \/>\nWebsite:\u00a0 <a href=\"https:\/\/www.edv-beratung-hartmann.de\" target=\"_blank\" rel=\"noopener noreferrer\">www.edv-beratung-hartmann.de<\/a><\/p>\n<h4>II.\u00a0\u00a0\u00a0\u00a0\u00a0\u00a0 Kontaktdaten des Ansprechpartners f\u00fcr Datenschutz<\/h4>\n<p>Unseren Ansprechpartner f\u00fcr Datenschutz erreichen Sie unter datenschutz@edv-beratung-hartmann.de oder unter unserer Postadresse mit dem Zusatz \u201eder Datenschutzbeauftragte\u201c.<\/p>\n<h4>III.\u00a0\u00a0\u00a0\u00a0 Allgemeines zur Datenverarbeitung<\/h4>\n<h6>1.\u00a0\u00a0\u00a0\u00a0\u00a0\u00a0\u00a0 Umfang der Verarbeitung personenbezogener Daten<\/h6>\n<p>Wir verarbeiten personenbezogene Daten unserer Nutzer grunds\u00e4tzlich nur, soweit dies zur Bereitstellung einer funktionsf\u00e4higen Website sowie unserer Inhalte und Leistungen erforderlich ist. Die Verarbeitung personenbezogener Daten unserer Nutzer erfolgt regelm\u00e4\u00dfig nur nach Einwilligung des Nutzers. Eine Ausnahme gilt in solchen F\u00e4llen, in denen eine vorherige Einholung einer Einwilligung aus tats\u00e4chlichen Gr\u00fcnden nicht m\u00f6glich ist und die Verarbeitung der Daten durch gesetzliche Vorschriften gestattet ist.<\/p>\n<h6>2.\u00a0\u00a0\u00a0\u00a0\u00a0\u00a0\u00a0 Rechtsgrundlage f\u00fcr die Verarbeitung personenbezogener Daten<\/h6>\n<p>Soweit wir f\u00fcr Verarbeitungsvorg\u00e4nge personenbezogener Daten eine Einwilligung der betroffenen Person einholen, dient Art.\u00a06 Abs.\u00a01 lit.\u00a0a EU-Datenschutzgrundverordnung (DSGVO) als Rechtsgrundlage.<\/p>\n<p>Bei der Verarbeitung von personenbezogenen Daten, die zur Erf\u00fcllung eines Vertrages, dessen Vertragspartei die betroffene Person ist, erforderlich ist, dient Art.\u00a06 Abs.\u00a01 lit.\u00a0b DSGVO als Rechtsgrundlage. Dies gilt auch f\u00fcr Verarbeitungsvorg\u00e4nge, die zur Durchf\u00fchrung vorvertraglicher Ma\u00dfnahmen erforderlich sind.<\/p>\n<p>Soweit eine Verarbeitung personenbezogener Daten zur Erf\u00fcllung einer rechtlichen Verpflichtung erforderlich ist, der unser Unternehmen unterliegt, dient Art.\u00a06 Abs.\u00a01 lit.\u00a0c DSGVO als Rechtsgrundlage.<\/p>\n<p>F\u00fcr den Fall, dass lebenswichtige Interessen der betroffenen Person oder einer anderen nat\u00fcrlichen Person eine Verarbeitung personenbezogener Daten erforderlich machen, dient Art.\u00a06 Abs.\u00a01 lit.\u00a0d DSGVO als Rechtsgrundlage.<\/p>\n<p>Ist die Verarbeitung zur Wahrung eines berechtigten Interesses unseres Unternehmens oder eines Dritten erforderlich und \u00fcberwiegen die Interessen, Grundrechte und Grundfreiheiten des Betroffenen das erstgenannte Interesse nicht, so dient Art.\u00a06 Abs.\u00a01 lit.\u00a0f DSGVO als Rechtsgrundlage f\u00fcr die Verarbeitung.<\/p>\n<h6>3.\u00a0\u00a0\u00a0\u00a0\u00a0\u00a0\u00a0 Datenl\u00f6schung und Speicherdauer<\/h6>\n<p>Die personenbezogenen Daten der betroffenen Person werden gel\u00f6scht oder gesperrt, sobald der Zweck der Speicherung entf\u00e4llt. Eine Speicherung kann dar\u00fcber hinaus erfolgen, wenn dies durch den europ\u00e4ischen oder nationalen Gesetzgeber in unionsrechtlichen Verordnungen, Gesetzen oder sonstigen Vorschriften, denen der Verantwortliche unterliegt, vorgesehen wurde. Eine Sperrung oder L\u00f6schung der Daten erfolgt auch dann, wenn eine durch die genannten Normen vorgeschriebene Speicherfrist abl\u00e4uft, es sei denn, dass eine Erforderlichkeit zur weiteren Speicherung der Daten f\u00fcr einen Vertragsabschluss oder eine Vertragserf\u00fcllung besteht.<\/p>\n<h6>4.\u00a0\u00a0\u00a0\u00a0\u00a0\u00a0\u00a0 Einsatz von Dienstleistern<\/h6>\n<p>Wir setzen zur Erbringung von folgender Leistungen und zur Verarbeitung Ihrer Daten Dienstleister ein:<\/p>\n<ul>\n<li>f\u00fcr das Hosting unserer Website in einem sicheren Rechenzentrum<\/li>\n<li>die Pflege und Wartung von Soft- und Hardware<\/li>\n<\/ul>\n<p>Die Dienstleister verarbeiten Daten im Rahmen sog. Auftragsverarbeitung Artikel. 28 DSGVO ausschlie\u00dflich auf unsere Weisung und sind zur Einhaltung der geltenden Datenschutzbestimmungen verpflichtet worden. S\u00e4mtliche Dienstleister wurden von uns sorgf\u00e4ltig ausgew\u00e4hlt und erhalten Zugriff auf personenbezogene Daten nur in dem Umfang und f\u00fcr die Dauer, die f\u00fcr die Erbringung der Dienstleistung erforderlich sind bzw. soweit Sie in die Datennutzung eingewilligt haben.<\/p>\n<p>Soweit unsere Dienstleister oder Partner ihren Sitz in einem Staat au\u00dferhalb des Europ\u00e4ischen Wirtschaftsraumes (EWR) haben, informieren wir Sie entsprechend.<\/p>\n<h4>IV.\u00a0\u00a0\u00a0\u00a0\u00a0\u00a0\u00a0\u00a0\u00a0\u00a0\u00a0\u00a0\u00a0\u00a0 Bereitstellung der Website und Erstellung von Logfiles<\/h4>\n<h6>1.\u00a0\u00a0\u00a0\u00a0\u00a0\u00a0\u00a0 Beschreibung und Umfang der Datenverarbeitung<\/h6>\n<p>Bei jedem Aufruf unserer Internetseite erfasst unser System automatisiert Daten und Informationen vom Computersystem des aufrufenden Rechners.<\/p>\n<p>Folgende Daten werden hierbei erhoben:<\/p>\n<ol>\n<li>Informationen \u00fcber den Browsertyp und die verwendete Version<\/li>\n<li>Das Betriebssystem des Nutzers<\/li>\n<li>Den Internet-Service-Provider des Nutzers<\/li>\n<li>Datum und Uhrzeit des Zugriffs<\/li>\n<li>Websites, von denen das System des Nutzers auf unsere Internetseite gelangt<\/li>\n<li>Websites, die vom System des Nutzers \u00fcber unsere Website aufgerufen werden<\/li>\n<\/ol>\n<p>Die Daten werden ebenfalls in den Logfiles unseres Systems gespeichert. Nicht hiervon betroffen sind die IP-Adressen des Nutzers oder andere Daten, die die Zuordnung der Daten zu einem Nutzer erm\u00f6glichen. Eine Speicherung dieser Daten zusammen mit anderen personenbezogenen Daten des Nutzers findet nicht statt.<\/p>\n<h6>2.\u00a0\u00a0\u00a0\u00a0\u00a0\u00a0\u00a0 Rechtsgrundlage f\u00fcr die Datenverarbeitung<\/h6>\n<p>Rechtsgrundlage f\u00fcr die vor\u00fcbergehende Speicherung der Daten ist Art.\u00a06 Abs.\u00a01 lit.\u00a0f DSGVO.<\/p>\n<h6>3.\u00a0\u00a0\u00a0\u00a0\u00a0\u00a0\u00a0 Zweck der Datenverarbeitung<\/h6>\n<p>Die vor\u00fcbergehende Speicherung der IP-Adresse durch das System ist notwendig, um eine Auslieferung der Website an den Rechner des Nutzers zu erm\u00f6glichen. Hierf\u00fcr muss die IP-Adresse des Nutzers f\u00fcr die Dauer der Sitzung gespeichert bleiben.<\/p>\n<p>In diesen Zwecken liegt auch unser berechtigtes Interesse an der Datenverarbeitung nach Art.\u00a06 Abs.\u00a01 lit.\u00a0f DSGVO.<\/p>\n<h6>4.\u00a0\u00a0\u00a0\u00a0\u00a0\u00a0\u00a0 Dauer der Speicherung<\/h6>\n<p>Die Daten werden gel\u00f6scht, sobald sie f\u00fcr die Erreichung des Zweckes ihrer Erhebung nicht mehr erforderlich sind. Im Falle der Erfassung der Daten zur Bereitstellung der Website ist dies der Fall, wenn die jeweilige Sitzung beendet ist.<\/p>\n<h6>5.\u00a0\u00a0\u00a0\u00a0\u00a0\u00a0\u00a0 Widerspruchs- und Beseitigungsm\u00f6glichkeit<\/h6>\n<p>Die Erfassung der Daten zur Bereitstellung der Website und die Speicherung der Daten in Logfiles ist f\u00fcr den Betrieb der Internetseite zwingend erforderlich. Es besteht folglich seitens des Nutzers keine Widerspruchsm\u00f6glichkeit.<\/p>\n<h4>V.\u00a0\u00a0\u00a0\u00a0\u00a0\u00a0\u00a0\u00a0\u00a0\u00a0\u00a0 Kontaktformular und E-Mail-Kontakt<\/h4>\n<h6>1.\u00a0\u00a0\u00a0\u00a0\u00a0\u00a0\u00a0\u00a0\u00a0\u00a0\u00a0\u00a0 Beschreibung und Umfang der Datenverarbeitung<\/h6>\n<p>Auf unserer Internetseite ist ein Kontaktformular vorhanden, welches f\u00fcr die elektronische Kontaktaufnahme genutzt werden kann. Nimmt ein Nutzer diese M\u00f6glichkeit wahr, so werden die in der Eingabemaske eingegeben Daten an uns \u00fcbermittelt und gespeichert. Diese Daten sind:<\/p>\n<p>Mann\/ Frau<\/p>\n<p>Vorname<\/p>\n<p>Nachname<\/p>\n<p>Firma<\/p>\n<p>E-Mail Adresse<\/p>\n<p>Betreff<\/p>\n<p>Nachricht<\/p>\n<p>Im Zeitpunkt der Absendung der Nachricht werden zudem folgende Daten gespeichert:<\/p>\n<ol>\n<li>Die IP-Adresse des Nutzers<\/li>\n<li>Datum und Uhrzeit der Registrierung<\/li>\n<\/ol>\n<p>F\u00fcr die Verarbeitung der Daten wird im Rahmen des Absendevorgangs Ihre Einwilligung eingeholt und auf diese Datenschutzerkl\u00e4rung verwiesen.<\/p>\n<p>Alternativ ist eine Kontaktaufnahme \u00fcber die bereitgestellte E-Mail-Adresse m\u00f6glich. In diesem Fall werden die mit der E-Mail \u00fcbermittelten personenbezogenen Daten des Nutzers gespeichert.<\/p>\n<p>Es erfolgt in diesem Zusammenhang keine Weitergabe der Daten an Dritte. Die Daten werden ausschlie\u00dflich f\u00fcr die Verarbeitung der Konversation verwendet.<\/p>\n<h6>2.\u00a0\u00a0\u00a0\u00a0\u00a0\u00a0\u00a0 Rechtsgrundlage f\u00fcr die Datenverarbeitung<\/h6>\n<p>Rechtsgrundlage f\u00fcr die Verarbeitung der Daten ist bei Vorliegen einer Einwilligung des Nutzers Art.\u00a06 Abs.\u00a01 lit.\u00a0a DSGVO.<\/p>\n<p>Rechtsgrundlage f\u00fcr die Verarbeitung der Daten, die im Zuge einer \u00dcbersendung einer E-Mail \u00fcbermittelt werden, ist Art.\u00a06 Abs.\u00a01 lit.\u00a0f DSGVO. Zielt der E-Mail-Kontakt auf den Abschluss eines Vertrages ab, so ist zus\u00e4tzliche Rechtsgrundlage f\u00fcr die Verarbeitung Art.\u00a06 Abs.\u00a01 lit.\u00a0b DSGVO.<\/p>\n<h6>3.\u00a0\u00a0\u00a0\u00a0\u00a0\u00a0\u00a0 Zweck der Datenverarbeitung<\/h6>\n<p>Die Verarbeitung der personenbezogenen Daten aus der Eingabemaske dient uns allein zur Bearbeitung der Kontaktaufnahme. Im Falle einer Kontaktaufnahme per E-Mail liegt hieran auch das erforderliche berechtigte Interesse an der Verarbeitung der Daten.<\/p>\n<p>Die sonstigen w\u00e4hrend des Absendevorgangs verarbeiteten personenbezogenen Daten dienen dazu, einen Missbrauch des Kontaktformulars zu verhindern und die Sicherheit unserer informationstechnischen Systeme sicherzustellen.<\/p>\n<h6>4.\u00a0\u00a0\u00a0\u00a0\u00a0\u00a0\u00a0 Dauer der Speicherung<\/h6>\n<p>Die Daten werden gel\u00f6scht, sobald sie f\u00fcr die Erreichung des Zweckes ihrer Erhebung nicht mehr erforderlich sind. F\u00fcr die personenbezogenen Daten aus der Eingabemaske des Kontaktformulars und diejenigen, die per E-Mail \u00fcbersandt wurden, ist dies dann der Fall, wenn die jeweilige Konversation mit dem Nutzer beendet ist. Beendet ist die Konversation dann, wenn sich aus den Umst\u00e4nden entnehmen l\u00e4sst, dass der betroffene Sachverhalt abschlie\u00dfend gekl\u00e4rt ist.<\/p>\n<p>Die w\u00e4hrend des Absendevorgangs zus\u00e4tzlich erhobenen personenbezogenen Daten werden sp\u00e4testens nach einer Frist von sieben Tagen gel\u00f6scht.<\/p>\n<h6>5.\u00a0\u00a0\u00a0\u00a0\u00a0\u00a0\u00a0 Widerspruchs- und Beseitigungsm\u00f6glichkeit<\/h6>\n<p>Der Nutzer hat jederzeit die M\u00f6glichkeit, seine Einwilligung zur Verarbeitung der personenbezogenen Daten zu widerrufen. Nimmt der Nutzer per E-Mail Kontakt mit uns auf, so kann er der Speicherung seiner personenbezogenen Daten jederzeit widersprechen. In einem solchen Fall kann die Konversation nicht fortgef\u00fchrt werden.<\/p>\n<p>\u00dcber Ihren Widerspruch k\u00f6nnen Sie uns unter den in \u00a7 1 genannten Kontaktdaten jederzeit formlos informieren.<\/p>\n<p>Alle personenbezogenen Daten, die im Zuge der Kontaktaufnahme gespeichert wurden, werden in diesem Fall gel\u00f6scht<strong>.<\/strong><\/p>\n<h4>IX. Ver\u00f6ffentlichung von Stellenanzeigen \/ Online-Stellenbewerbungen<\/h4>\n<h6>1.\u00a0\u00a0\u00a0\u00a0\u00a0\u00a0\u00a0 Umfang der Verarbeitung personenbezogener Daten<\/h6>\n<p>Sie haben die M\u00f6glichkeit, uns Ihre Bewerbungsdaten per E-Mail oder \u00fcber unser online-Bewerberportal zukommen zu lassen.<\/p>\n<h6>2.\u00a0\u00a0\u00a0\u00a0\u00a0\u00a0\u00a0 Rechtsgrundlage f\u00fcr die Datenverarbeitung<\/h6>\n<p>Rechtsgrundlage f\u00fcr die Verarbeitung der personenbezogenen Daten der Bewerber ist \u00a7 26 Bundesdatenschutzgesetz.<\/p>\n<h6>3.\u00a0\u00a0\u00a0\u00a0\u00a0\u00a0\u00a0 Zweck der Datenverarbeitung<\/h6>\n<p>Ihre Daten werden zum Zwecke der Abwicklung des Bewerbungsverfahrens elektronisch von uns erhoben und verarbeitet. Folgt auf Ihre Bewerbung der Abschluss eines Anstellungsvertrages, so k\u00f6nnen Ihre \u00fcbermittelten Daten zum Zwecke des \u00fcblichen Organisations- und Verwaltungsprozesses unter Beachtung der einschl\u00e4gigen rechtlichen Vorschriften von uns in Ihrer Personalakte gespeichert werden<\/p>\n<p>Die Verarbeitung findet ausschlie\u00dflich in Deutschland statt.<\/p>\n<h6>4.\u00a0\u00a0\u00a0\u00a0\u00a0\u00a0\u00a0 Dauer der Speicherung<\/h6>\n<p>Die Daten werden gel\u00f6scht, sobald sie f\u00fcr die Erreichung des Zweckes ihrer Erhebung nicht mehr erforderlich sind. F\u00fcr die personenbezogenen Daten aus der Eingabemaske des Kontaktformulars und diejenigen, die per E-Mail \u00fcbersandt wurden, ist dies dann der Fall, wenn die jeweilige Konversation mit dem Nutzer beendet ist. Beendet ist die Konversation dann, wenn sich aus den Umst\u00e4nden entnehmen l\u00e4sst, dass der betroffene Sachverhalt abschlie\u00dfend gekl\u00e4rt ist.<\/p>\n<h6>5.\u00a0\u00a0\u00a0\u00a0\u00a0\u00a0\u00a0 Widerspruchs- und Beseitigungsm\u00f6glichkeit<\/h6>\n<p>Der Bewerber hat im Rahmen des laufenden Bewerbungsverfahrens jederzeit die M\u00f6glichkeit, seine Einwilligung zur Verarbeitung der personenbezogenen Bewerberdaten zu widerrufen. Nimmt der Nutzer per E-Mail Kontakt mit uns auf, so kann er der Speicherung seiner personenbezogenen Daten jederzeit widersprechen. In einem solchen Fall kann die Konversation nicht fortgef\u00fchrt werden.<\/p>\n<p>Die L\u00f6schung der von Ihnen \u00fcbermittelten Daten erfolgt bei Zur\u00fcckweisung Ihrer Stellenbewerbung automatisch sechs Monate nach Bekanntgabe der Zur\u00fcckweisung. Dies gilt nicht, wenn aufgrund gesetzlicher Erfordernisse (beispielsweise der Beweispflicht nach dem Allgemeinen Gleichbehandlungsgesetz) eine l\u00e4ngere Speicherung notwendig ist oder wenn Sie einer l\u00e4ngeren Speicherung in unserer Interessenten-Datenbank ausdr\u00fccklich zugestimmt haben. Ein Bewerber hat jederzeit das Recht auf Auskunft, Berichtigung, L\u00f6schung seiner Daten.<\/p>\n<h4>VI.\u00a0\u00a0\u00a0\u00a0\u00a0\u00a0\u00a0\u00a0\u00a0\u00a0\u00a0\u00a0\u00a0\u00a0 Webanalyse durch All-inkl.com<\/h4>\n<h6>1.\u00a0\u00a0\u00a0\u00a0\u00a0 Umfang der Verarbeitung personenbezogener Daten<\/h6>\n<p>Wir nutzen auf unserer Website das Open-Source-Software-Tool des Webhosters All-Inkl.com zur Analyse des Surfverhaltens unserer Nutzer. Werden Einzelseiten unserer Website aufgerufen, so werden folgende Daten gespeichert:<\/p>\n<ul>\n<li>Zwei Bytes der IP-Adresse des aufrufenden Systems des Nutzers<\/li>\n<li>Die aufgerufene Webseite<\/li>\n<li>Die Website, von der der Nutzer auf die aufgerufene Webseite gelangt ist (Referrer)<\/li>\n<li>Die Unterseiten, die von der aufgerufenen Webseite aus aufgerufen werden<\/li>\n<li>Die Verweildauer auf der Webseite<\/li>\n<li>Die H\u00e4ufigkeit des Aufrufs der Webseite<\/li>\n<\/ul>\n<p>Die Software l\u00e4uft dabei ausschlie\u00dflich auf den Servern unserer Webseite. Eine Speicherung der personenbezogenen Daten der Nutzer findet nur dort statt. Eine Weitergabe der Daten an Dritte erfolgt nicht.<\/p>\n<p>Die Software ist so eingestellt, dass die IP-Adressen nicht vollst\u00e4ndig gespeichert werden, sondern 2 Bytes der IP-Adresse maskiert werden (Bsp.:\u00a0 192.168.xxx.xxx). Auf diese Weise ist eine Zuordnung der gek\u00fcrzten IP-Adresse zum aufrufenden Rechner nicht mehr m\u00f6glich.<\/p>\n<h6>2.\u00a0\u00a0\u00a0\u00a0\u00a0\u00a0\u00a0 Rechtsgrundlage f\u00fcr die Verarbeitung personenbezogener Daten<\/h6>\n<p>Rechtsgrundlage f\u00fcr die Verarbeitung der personenbezogenen Daten der Nutzer ist Art.\u00a06 Abs.\u00a01 lit. f DSGVO.<\/p>\n<h6>3.\u00a0\u00a0\u00a0\u00a0\u00a0\u00a0\u00a0 Zweck der Datenverarbeitung<\/h6>\n<p>Die Verarbeitung der personenbezogenen Daten der Nutzer erm\u00f6glicht uns eine Analyse des Surfverhaltens unserer Nutzer. Wir sind in durch die Auswertung der gewonnen Daten in der Lage, Informationen \u00fcber die Nutzung der einzelnen Komponenten unserer Webseite zusammenzustellen. Dies hilft uns dabei unsere Webseite und deren Nutzerfreundlichkeit stetig zu verbessern. In diesen Zwecken liegt auch unser berechtigtes Interesse in der Verarbeitung der Daten nach Art. 6\u00a0Abs.\u00a01\u00a0lit.\u00a0f\u00a0DSGVO. Durch die Anonymisierung der IP-Adresse wird dem Interesse der Nutzer an deren Schutz personenbezogener Daten hinreichend Rechnung getragen.<\/p>\n<h6>4.\u00a0\u00a0\u00a0\u00a0\u00a0\u00a0\u00a0 Dauer der Speicherung<\/h6>\n<p>Die Daten werden gel\u00f6scht, sobald sie f\u00fcr unsere Aufzeichnungszwecke nicht mehr ben\u00f6tigt werden.<\/p>\n<p>In unserem Fall ist dies nach 190 Tage der Fall.<\/p>\n<h6>5.\u00a0\u00a0\u00a0\u00a0\u00a0\u00a0\u00a0 Widerspruchs- und Beseitigungsm\u00f6glichkeit<\/h6>\n<p>Cookies werden auf dem Rechner des Nutzers gespeichert und von diesem an unserer Seite \u00fcbermittelt. Daher haben Sie als Nutzer auch die volle Kontrolle \u00fcber die Verwendung von Cookies. Durch eine \u00c4nderung der Einstellungen in Ihrem Internetbrowser k\u00f6nnen Sie die \u00dcbertragung von Cookies deaktivieren oder einschr\u00e4nken. Bereits gespeicherte Cookies k\u00f6nnen jederzeit gel\u00f6scht werden. Dies kann auch automatisiert erfolgen. Werden Cookies f\u00fcr unsere Website deaktiviert, k\u00f6nnen m\u00f6glicherweise nicht mehr alle Funktionen der Website vollumf\u00e4nglich genutzt werden.<\/p>\n<h4>VII.\u00a0 Einbindung von Google Maps<\/h4>\n<p>(1) \u00a0\u00a0\u00a0\u00a0\u00a0 Auf dieser Webseite nutzen wir das Angebot von Google Maps. Dadurch k\u00f6nnen wir Ihnen interaktive Karten direkt in der Website anzeigen und erm\u00f6glichen Ihnen die komfortable Nutzung der Karten-Funktion.<\/p>\n<p>(2)\u00a0\u00a0\u00a0\u00a0\u00a0 Durch den Besuch auf der Website erh\u00e4lt Google die Information, dass Sie die entsprechende Unterseite unserer Website aufgerufen haben. Zudem werden die unter \u00a7\u00a03 dieser Erkl\u00e4rung genannten Daten \u00fcbermittelt. Dies erfolgt unabh\u00e4ngig davon, ob Google ein Nutzerkonto bereitstellt, \u00fcber das Sie eingeloggt sind, oder ob kein Nutzerkonto besteht. Wenn Sie bei Google eingeloggt sind, werden Ihre Daten direkt Ihrem Konto zugeordnet. Wenn Sie die Zuordnung mit Ihrem Profil bei Google nicht w\u00fcnschen, m\u00fcssen Sie sich vor Aktivierung des Buttons ausloggen. Google speichert Ihre Daten als Nutzungsprofile und nutzt sie f\u00fcr Zwecke der Werbung, Marktforschung und\/oder bedarfsgerechten Gestaltung seiner Website. Eine solche Auswertung erfolgt insbesondere (selbst f\u00fcr nicht eingeloggte Nutzer) zur Erbringung von bedarfsgerechter Werbung und um andere Nutzer des sozialen Netzwerks \u00fcber Ihre Aktivit\u00e4ten auf unserer Website zu informieren. Ihnen steht ein Widerspruchsrecht zu gegen die Bildung dieser Nutzerprofile, wobei Sie sich zur Aus\u00fcbung dessen an Google richten m\u00fcssen.<\/p>\n<p>(3)\u00a0\u00a0\u00a0\u00a0\u00a0 Weitere Informationen zu Zweck und Umfang der Datenerhebung und ihrer Verarbeitung durch den Plug-in-Anbieter erhalten Sie in den Datenschutzerkl\u00e4rungen des Anbieters. Dort erhalten Sie auch weitere Informationen zu Ihren diesbez\u00fcglichen Rechten und Einstellungsm\u00f6glichkeiten zum Schutze Ihrer Privatsph\u00e4re: http:\/\/www.google.de\/intl\/de\/policies\/privacy. Google verarbeitet Ihre personenbezogenen Daten auch in den USA und hat sich dem EU-US Privacy Shield unterworfen, https:\/\/www.privacyshield.gov\/EU-US-Framework.<\/p>\n<h4>VIII.\u00a0\u00a0\u00a0\u00a0\u00a0\u00a0\u00a0\u00a0\u00a0 Rechte der betroffenen Person<\/h4>\n<p>Werden personenbezogene Daten von Ihnen verarbeitet, sind Sie Betroffener i.S.d. DSGVO und es stehen Ihnen folgende Rechte gegen\u00fcber dem Verantwortlichen zu:<\/p>\n<h6>1.\u00a0\u00a0\u00a0\u00a0\u00a0\u00a0\u00a0 Auskunftsrecht<\/h6>\n<p>Sie k\u00f6nnen von dem Verantwortlichen eine Best\u00e4tigung dar\u00fcber verlangen, ob personenbezogene Daten, die Sie betreffen, von uns verarbeitet werden.<\/p>\n<p>Liegt eine solche Verarbeitung vor, k\u00f6nnen Sie von dem Verantwortlichen \u00fcber folgende Informationen Auskunft verlangen:<\/p>\n<p>(1)\u00a0\u00a0\u00a0\u00a0\u00a0\u00a0 die Zwecke, zu denen die personenbezogenen Daten verarbeitet werden;<\/p>\n<p>(2)\u00a0\u00a0\u00a0\u00a0\u00a0\u00a0 die Kategorien von personenbezogenen Daten, welche verarbeitet werden;<\/p>\n<p>(3)\u00a0\u00a0\u00a0\u00a0\u00a0\u00a0 die Empf\u00e4nger bzw. die Kategorien von Empf\u00e4ngern, gegen\u00fcber denen die Sie betreffenden personenbezogenen Daten offengelegt wurden oder noch offengelegt werden;<\/p>\n<p>(4)\u00a0\u00a0\u00a0\u00a0\u00a0\u00a0 die geplante Dauer der Speicherung der Sie betreffenden personenbezogenen Daten oder, falls konkrete Angaben hierzu nicht m\u00f6glich sind, Kriterien f\u00fcr die Festlegung der Speicherdauer;<\/p>\n<p>(5)\u00a0\u00a0\u00a0\u00a0\u00a0\u00a0 das Bestehen eines Rechts auf Berichtigung oder L\u00f6schung der Sie betreffenden personenbezogenen Daten, eines Rechts auf Einschr\u00e4nkung der Verarbeitung durch den Verantwortlichen oder eines Widerspruchsrechts gegen diese Verarbeitung;<\/p>\n<p>(6)\u00a0\u00a0\u00a0\u00a0\u00a0\u00a0 das Bestehen eines Beschwerderechts bei einer Aufsichtsbeh\u00f6rde;<\/p>\n<p>(7)\u00a0\u00a0\u00a0\u00a0\u00a0\u00a0 alle verf\u00fcgbaren Informationen \u00fcber die Herkunft der Daten, wenn die personenbezogenen Daten nicht bei der betroffenen Person erhoben werden;<\/p>\n<p>(8)\u00a0\u00a0\u00a0\u00a0\u00a0\u00a0 das Bestehen einer automatisierten Entscheidungsfindung einschlie\u00dflich Profiling gem\u00e4\u00df Art.\u00a022 Abs.\u00a01 und 4 DSGVO und \u2013 zumindest in diesen F\u00e4llen \u2013 aussagekr\u00e4ftige Informationen \u00fcber die involvierte Logik sowie die Tragweite und die angestrebten Auswirkungen einer derartigen Verarbeitung f\u00fcr die betroffene Person.<\/p>\n<p>Ihnen steht das Recht zu, Auskunft dar\u00fcber zu verlangen, ob die Sie betreffenden personenbezogenen Daten in ein Drittland oder an eine internationale Organisation \u00fcbermittelt werden. In diesem Zusammenhang k\u00f6nnen Sie verlangen, \u00fcber die geeigneten Garantien gem. Art.\u00a046 DSGVO im Zusammenhang mit der \u00dcbermittlung unterrichtet zu werden.<\/p>\n<h6>2.\u00a0\u00a0\u00a0\u00a0\u00a0\u00a0\u00a0 Recht auf Berichtigung<\/h6>\n<p>Sie haben ein Recht auf Berichtigung und\/oder Vervollst\u00e4ndigung gegen\u00fcber dem Verantwortlichen, sofern die verarbeiteten personenbezogenen Daten, die Sie betreffen, unrichtig oder unvollst\u00e4ndig sind. Der Verantwortliche hat die Berichtigung unverz\u00fcglich vorzunehmen.<\/p>\n<h6>3.\u00a0\u00a0\u00a0\u00a0\u00a0\u00a0\u00a0 Recht auf Einschr\u00e4nkung der Verarbeitung<\/h6>\n<p>Unter den folgenden Voraussetzungen k\u00f6nnen Sie die Einschr\u00e4nkung der Verarbeitung der Sie betreffenden personenbezogenen Daten verlangen:<\/p>\n<p>(1)\u00a0\u00a0\u00a0\u00a0\u00a0\u00a0 wenn Sie die Richtigkeit der Sie betreffenden personenbezogenen f\u00fcr eine Dauer bestreiten, die es dem Verantwortlichen erm\u00f6glicht, die Richtigkeit der personenbezogenen Daten zu \u00fcberpr\u00fcfen;<\/p>\n<p>(2)\u00a0\u00a0\u00a0\u00a0\u00a0\u00a0 die Verarbeitung unrechtm\u00e4\u00dfig ist und Sie die L\u00f6schung der personenbezogenen Daten ablehnen und stattdessen die Einschr\u00e4nkung der Nutzung der personenbezogenen Daten verlangen;<\/p>\n<p>(3)\u00a0\u00a0\u00a0\u00a0\u00a0\u00a0 der Verantwortliche die personenbezogenen Daten f\u00fcr die Zwecke der Verarbeitung nicht l\u00e4nger ben\u00f6tigt, Sie diese jedoch zur Geltendmachung, Aus\u00fcbung oder Verteidigung von Rechtsanspr\u00fcchen ben\u00f6tigen, oder<\/p>\n<p>(4)\u00a0\u00a0\u00a0\u00a0\u00a0\u00a0 wenn Sie Widerspruch gegen die Verarbeitung gem\u00e4\u00df Art.\u00a021 Abs.\u00a01 DSGVO eingelegt haben und noch nicht feststeht, ob die berechtigten Gr\u00fcnde des Verantwortlichen gegen\u00fcber Ihren Gr\u00fcnden \u00fcberwiegen.<\/p>\n<p>Wurde die Verarbeitung der Sie betreffenden personenbezogenen Daten eingeschr\u00e4nkt, d\u00fcrfen diese Daten \u2013 von ihrer Speicherung abgesehen \u2013 nur mit Ihrer Einwilligung oder zur Geltendmachung, Aus\u00fcbung oder Verteidigung von Rechtsanspr\u00fcchen oder zum Schutz der Rechte einer anderen nat\u00fcrlichen oder juristischen Person oder aus Gr\u00fcnden eines wichtigen \u00f6ffentlichen Interesses der Union oder eines Mitgliedstaats verarbeitet werden.<\/p>\n<p>Wurde die Einschr\u00e4nkung der Verarbeitung nach den o.g. Voraussetzungen eingeschr\u00e4nkt, werden Sie von dem Verantwortlichen unterrichtet bevor die Einschr\u00e4nkung aufgehoben wird.<\/p>\n<h6>4.\u00a0\u00a0\u00a0\u00a0\u00a0\u00a0\u00a0 Recht auf L\u00f6schung<\/h6>\n<h6>a)\u00a0\u00a0\u00a0\u00a0\u00a0\u00a0\u00a0 L\u00f6schungspflicht<\/h6>\n<p>Sie k\u00f6nnen von dem Verantwortlichen verlangen, dass die Sie betreffenden personenbezogenen Daten unverz\u00fcglich gel\u00f6scht werden, und der Verantwortliche ist verpflichtet, diese Daten unverz\u00fcglich zu l\u00f6schen, sofern einer der folgenden Gr\u00fcnde zutrifft:<\/p>\n<p>(1)\u00a0\u00a0\u00a0\u00a0\u00a0\u00a0 Die Sie betreffenden personenbezogenen Daten sind f\u00fcr die Zwecke, f\u00fcr die sie erhoben oder auf sonstige Weise verarbeitet wurden, nicht mehr notwendig.<\/p>\n<p>(2)\u00a0\u00a0\u00a0\u00a0\u00a0\u00a0 Sie widerrufen Ihre Einwilligung, auf die sich die Verarbeitung gem. Art.\u00a06 Abs.\u00a01 lit.\u00a0a oder Art.\u00a09 Abs.\u00a02 lit.\u00a0a DSGVO st\u00fctzte, und es fehlt an einer anderweitigen Rechtsgrundlage f\u00fcr die Verarbeitung.<\/p>\n<p>(3)\u00a0\u00a0\u00a0\u00a0\u00a0\u00a0 Sie legen gem. Art.\u00a021 Abs.\u00a01 DSGVO Widerspruch gegen die Verarbeitung ein und es liegen keine vorrangigen berechtigten Gr\u00fcnde f\u00fcr die Verarbeitung vor, oder Sie legen gem. Art.\u00a021 Abs.\u00a02 DSGVO Widerspruch gegen die Verarbeitung ein.<\/p>\n<p>(4)\u00a0\u00a0\u00a0\u00a0\u00a0\u00a0 Die Sie betreffenden personenbezogenen Daten wurden unrechtm\u00e4\u00dfig verarbeitet.<\/p>\n<p>(5)\u00a0\u00a0\u00a0\u00a0\u00a0\u00a0 Die L\u00f6schung der Sie betreffenden personenbezogenen Daten ist zur Erf\u00fcllung einer rechtlichen Verpflichtung nach dem Unionsrecht oder dem Recht der Mitgliedstaaten erforderlich, dem der Verantwortliche unterliegt.<\/p>\n<p>(6)\u00a0\u00a0\u00a0\u00a0\u00a0\u00a0 Die Sie betreffenden personenbezogenen Daten wurden in Bezug auf angebotene Dienste der Informationsgesellschaft gem\u00e4\u00df Art.\u00a08 Abs.\u00a01 DSGVO erhoben.<\/p>\n<h6>b)\u00a0\u00a0\u00a0\u00a0\u00a0\u00a0\u00a0 Information an Dritte<\/h6>\n<p>Hat der Verantwortliche die Sie betreffenden personenbezogenen Daten \u00f6ffentlich gemacht und ist er gem. Art.\u00a017 Abs.\u00a01 DSGVO zu deren L\u00f6schung verpflichtet, so trifft er unter Ber\u00fccksichtigung der verf\u00fcgbaren Technologie und der Implementierungskosten angemessene Ma\u00dfnahmen, auch technischer Art, um f\u00fcr die Datenverarbeitung Verantwortliche, die die personenbezogenen Daten verarbeiten, dar\u00fcber zu informieren, dass Sie als betroffene Person von ihnen die L\u00f6schung aller Links zu diesen personenbezogenen Daten oder von Kopien oder Replikationen dieser personenbezogenen Daten verlangt haben.<\/p>\n<h6>c)\u00a0\u00a0\u00a0\u00a0\u00a0\u00a0\u00a0 Ausnahmen<\/h6>\n<p>Das Recht auf L\u00f6schung besteht nicht, soweit die Verarbeitung erforderlich ist<\/p>\n<p>(1)\u00a0\u00a0\u00a0\u00a0\u00a0\u00a0 zur Aus\u00fcbung des Rechts auf freie Meinungs\u00e4u\u00dferung und Information;<\/p>\n<p>(2)\u00a0\u00a0\u00a0\u00a0\u00a0\u00a0 zur Erf\u00fcllung einer rechtlichen Verpflichtung, die die Verarbeitung nach dem Recht der Union oder der Mitgliedstaaten, dem der Verantwortliche unterliegt, erfordert, oder zur Wahrnehmung einer Aufgabe, die im \u00f6ffentlichen Interesse liegt oder in Aus\u00fcbung \u00f6ffentlicher Gewalt erfolgt, die dem Verantwortlichen \u00fcbertragen wurde;<\/p>\n<p>(3)\u00a0\u00a0\u00a0\u00a0\u00a0\u00a0 aus Gr\u00fcnden des \u00f6ffentlichen Interesses im Bereich der \u00f6ffentlichen Gesundheit gem\u00e4\u00df Art.\u00a09 Abs.\u00a02 lit.\u00a0h und i sowie Art.\u00a09 Abs.\u00a03 DSGVO;<\/p>\n<p>(4)\u00a0\u00a0\u00a0\u00a0\u00a0\u00a0 f\u00fcr im \u00f6ffentlichen Interesse liegende Archivzwecke, wissenschaftliche oder historische Forschungszwecke oder f\u00fcr statistische Zwecke gem. Art.\u00a089 Abs.\u00a01 DSGVO, soweit das unter Abschnitt a) genannte Recht voraussichtlich die Verwirklichung der Ziele dieser Verarbeitung unm\u00f6glich macht oder ernsthaft beeintr\u00e4chtigt, oder<\/p>\n<p>(5)\u00a0\u00a0\u00a0\u00a0\u00a0\u00a0 zur Geltendmachung, Aus\u00fcbung oder Verteidigung von Rechtsanspr\u00fcchen.<\/p>\n<h6>5.\u00a0\u00a0\u00a0\u00a0\u00a0\u00a0\u00a0 Recht auf Unterrichtung<\/h6>\n<p>Haben Sie das Recht auf Berichtigung, L\u00f6schung oder Einschr\u00e4nkung der Verarbeitung gegen\u00fcber dem Verantwortlichen geltend gemacht, ist dieser verpflichtet, allen Empf\u00e4ngern, denen die Sie betreffenden personenbezogenen Daten offengelegt wurden, diese Berichtigung oder L\u00f6schung der Daten oder Einschr\u00e4nkung der Verarbeitung mitzuteilen, es sei denn, dies erweist sich als unm\u00f6glich oder ist mit einem unverh\u00e4ltnism\u00e4\u00dfigen Aufwand verbunden.<\/p>\n<p>Ihnen steht gegen\u00fcber dem Verantwortlichen das Recht zu, \u00fcber diese Empf\u00e4nger unterrichtet zu werden.<\/p>\n<h6>6.\u00a0\u00a0\u00a0\u00a0\u00a0\u00a0\u00a0 Recht auf Daten\u00fcbertragbarkeit<\/h6>\n<p>Sie haben das Recht, die Sie betreffenden personenbezogenen Daten, die Sie dem Verantwortlichen bereitgestellt haben, in einem strukturierten, g\u00e4ngigen und maschinenlesbaren Format zu erhalten. Au\u00dferdem haben Sie das Recht diese Daten einem anderen Verantwortlichen ohne Behinderung durch den Verantwortlichen, dem die personenbezogenen Daten bereitgestellt wurden, zu \u00fcbermitteln, sofern<\/p>\n<p>(1)\u00a0\u00a0\u00a0\u00a0\u00a0\u00a0 die Verarbeitung auf einer Einwilligung gem. Art.\u00a06 Abs.\u00a01 lit.\u00a0a DSGVO oder Art.\u00a09 Abs.\u00a02 lit.\u00a0a DSGVO oder auf einem Vertrag gem. Art.\u00a06 Abs.\u00a01 lit.\u00a0b DSGVO beruht und<\/p>\n<p>(2)\u00a0\u00a0\u00a0\u00a0\u00a0\u00a0 die Verarbeitung mithilfe automatisierter Verfahren erfolgt.<\/p>\n<p>In Aus\u00fcbung dieses Rechts haben Sie ferner das Recht, zu erwirken, dass die Sie betreffenden personenbezogenen Daten direkt von einem Verantwortlichen einem anderen Verantwortlichen \u00fcbermittelt werden, soweit dies technisch machbar ist. Freiheiten und Rechte anderer Personen d\u00fcrfen hierdurch nicht beeintr\u00e4chtigt werden.<\/p>\n<p>Das Recht auf Daten\u00fcbertragbarkeit gilt nicht f\u00fcr eine Verarbeitung personenbezogener Daten, die f\u00fcr die Wahrnehmung einer Aufgabe erforderlich ist, die im \u00f6ffentlichen Interesse liegt oder in Aus\u00fcbung \u00f6ffentlicher Gewalt erfolgt, die dem Verantwortlichen \u00fcbertragen wurde.<\/p>\n<h6>7.\u00a0\u00a0\u00a0\u00a0\u00a0\u00a0\u00a0 Widerspruchsrecht<\/h6>\n<p>Sie haben das Recht, aus Gr\u00fcnden, die sich aus ihrer besonderen Situation ergeben, jederzeit gegen die Verarbeitung der Sie betreffenden personenbezogenen Daten, die aufgrund von Art.\u00a06 Abs.\u00a01 lit.\u00a0e oder f DSGVO erfolgt, Widerspruch einzulegen; dies gilt auch f\u00fcr ein auf diese Bestimmungen gest\u00fctztes Profiling.<\/p>\n<p>Der Verantwortliche verarbeitet die Sie betreffenden personenbezogenen Daten nicht mehr, es sei denn, er kann zwingende schutzw\u00fcrdige Gr\u00fcnde f\u00fcr die Verarbeitung nachweisen, die Ihre Interessen, Rechte und Freiheiten \u00fcberwiegen, oder die Verarbeitung dient der Geltendmachung, Aus\u00fcbung oder Verteidigung von Rechtsanspr\u00fcchen.<\/p>\n<p>Werden die Sie betreffenden personenbezogenen Daten verarbeitet, um Direktwerbung zu betreiben, haben Sie das Recht, jederzeit Widerspruch gegen die Verarbeitung der Sie betreffenden personenbezogenen Daten zum Zwecke derartiger Werbung einzulegen; dies gilt auch f\u00fcr das Profiling, soweit es mit solcher Direktwerbung in Verbindung steht.<\/p>\n<p>Widersprechen Sie der Verarbeitung f\u00fcr Zwecke der Direktwerbung, so werden die Sie betreffenden personenbezogenen Daten nicht mehr f\u00fcr diese Zwecke verarbeitet.<\/p>\n<p>Sie haben die M\u00f6glichkeit, im Zusammenhang mit der Nutzung von Diensten der Informationsgesellschaft \u2013 ungeachtet der Richtlinie 2002\/58\/EG \u2013 Ihr Widerspruchsrecht mittels automatisierter Verfahren auszu\u00fcben, bei denen technische Spezifikationen verwendet werden.<\/p>\n<p>\u00dcber Ihren Werbewiderspruch k\u00f6nnen Sie uns unter den in \u00a7 1 genannten Kontaktdaten jederzeit formlos informieren.<\/p>\n<h6>8.\u00a0\u00a0\u00a0\u00a0\u00a0\u00a0\u00a0 Recht auf Widerruf der datenschutzrechtlichen Einwilligungserkl\u00e4rung<\/h6>\n<p>Sie k\u00f6nnen Ihre Einwilligung in die Verwendung Ihrer Daten zu werblichen Zwecken jederzeit widerrufen. Den Widerruf k\u00f6nnen Sie schriftlich oder per E-Mail an die oben genannte Kontaktadresse richten. Sie k\u00f6nnen sich auch auf der jeweiligen Plattform eines bestimmten Services oder \u00fcber Ihr Kundenkonto abmelden und so Ihre Einwilligung widerrufen. Wenn Sie sich nur von einzelnen Services (z.B. einem bestimmten Kundenprogramm) abmelden, bleiben Ihre Registrierungen f\u00fcr weitere Services und ggfs. hierf\u00fcr erteilte Einwilligungen in entsprechende Werbung weiterhin g\u00fcltig.<\/p>\n<p>Durch Ihren Widerruf der Einwilligung wird die Rechtm\u00e4\u00dfigkeit der Verarbeitung bis zum Widerruf nicht ber\u00fchrt.<\/p>\n<h6>9.\u00a0\u00a0\u00a0\u00a0\u00a0\u00a0\u00a0 \u00a0Automatisierte Entscheidung im Einzelfall einschlie\u00dflich Profiling<\/h6>\n<p>Sie haben das Recht, nicht einer ausschlie\u00dflich auf einer automatisierten Verarbeitung \u2013 einschlie\u00dflich Profiling \u2013 beruhenden Entscheidung unterworfen zu werden, die Ihnen gegen\u00fcber rechtliche Wirkung entfaltet oder Sie in \u00e4hnlicher Weise erheblich beeintr\u00e4chtigt. Dies gilt nicht, wenn die Entscheidung<\/p>\n<p>(1)\u00a0\u00a0\u00a0\u00a0\u00a0\u00a0 f\u00fcr den Abschluss oder die Erf\u00fcllung eines Vertrags zwischen Ihnen und dem Verantwortlichen erforderlich ist,<\/p>\n<p>(2)\u00a0\u00a0\u00a0\u00a0\u00a0\u00a0 aufgrund von Rechtsvorschriften der Union oder der Mitgliedstaaten, denen der Verantwortliche unterliegt, zul\u00e4ssig ist und diese Rechtsvorschriften angemessene Ma\u00dfnahmen zur Wahrung Ihrer Rechte und Freiheiten sowie Ihrer berechtigten Interessen enthalten oder<\/p>\n<p>(3)\u00a0\u00a0\u00a0\u00a0\u00a0\u00a0 mit Ihrer ausdr\u00fccklichen Einwilligung erfolgt.<\/p>\n<p>Allerdings d\u00fcrfen diese Entscheidungen nicht auf besonderen Kategorien personenbezogener Daten nach Art.\u00a09 Abs.\u00a01 DSGVO beruhen, sofern nicht Art.\u00a09 Abs.\u00a02 lit.\u00a0a oder g DSGVO gilt und angemessene Ma\u00dfnahmen zum Schutz der Rechte und Freiheiten sowie Ihrer berechtigten Interessen getroffen wurden.<\/p>\n<p>Hinsichtlich der in (1) und (3) genannten F\u00e4lle trifft der Verantwortliche angemessene Ma\u00dfnahmen, um die Rechte und Freiheiten sowie Ihre berechtigten Interessen zu wahren, wozu mindestens das Recht auf Erwirkung des Eingreifens einer Person seitens des Verantwortlichen, auf Darlegung des eigenen Standpunkts und auf Anfechtung der Entscheidung geh\u00f6rt.<\/p>\n<p>Derzeit treffen wir keine Entscheidungen, die ausschlie\u00dflich auf einer automatisierten Verarbeitung \u2013 einschlie\u00dflich Profiling \u2013 beruhen.<\/p>\n<p>10.\u00a0\u00a0\u00a0 Recht auf Beschwerde bei einer Aufsichtsbeh\u00f6rde<\/p>\n<p>Unbeschadet eines anderweitigen verwaltungsrechtlichen oder gerichtlichen Rechtsbehelfs steht Ihnen das Recht auf Beschwerde bei einer Aufsichtsbeh\u00f6rde, insbesondere in dem Mitgliedstaat ihres Aufenthaltsorts, ihres Arbeitsplatzes oder des Orts des mutma\u00dflichen Versto\u00dfes, zu, wenn Sie der Ansicht sind, dass die Verarbeitung der Sie betreffenden personenbezogenen Daten gegen die DSGVO verst\u00f6\u00dft.<\/p>\n<p>Die Aufsichtsbeh\u00f6rde, bei der die Beschwerde eingereicht wurde, unterrichtet den Beschwerdef\u00fchrer \u00fcber den Stand und die Ergebnisse der Beschwerde einschlie\u00dflich der M\u00f6glichkeit eines gerichtlichen Rechtsbehelfs nach Art.\u00a078 DSGVO.<\/p>\n<h4>IX.\u00a0\u00a0\u00a0\u00a0\u00a0\u00a0\u00a0\u00a0\u00a0\u00a0\u00a0\u00a0\u00a0\u00a0 Disclaimer<\/h4>\n<p>Unsere Webseiten k\u00f6nnen Links zu Webseiten anderer Anbieter enthalten, auf die sich diese Datenschutzerkl\u00e4rung nicht erstreckt.<\/p>\n<p>Die Webseite enth\u00e4lt Verlinkungen zu anderen Webseiten (&#8222;externe Links&#8220;). Diese Webseiten unterliegen der Haftung der jeweiligen Seitenbetreiber. Bei Verkn\u00fcpfung der externen Links waren keine Rechtsverst\u00f6\u00dfe ersichtlich. Auf die aktuelle und k\u00fcnftige Gestaltung der verlinkten Seiten hat der Anbieter keinen Einfluss. Die permanente \u00dcberpr\u00fcfung der externen Links ist f\u00fcr den Anbieter ohne konkrete Hinweise auf Rechtsverst\u00f6\u00dfe nicht zumutbar. Bei Bekanntwerden von Rechtsverst\u00f6\u00dfen werden die betroffenen externen Links unverz\u00fcglich gel\u00f6scht.<\/p>\n","protected":false},"excerpt":{"rendered":"<p>I.\u00a0\u00a0\u00a0\u00a0\u00a0\u00a0\u00a0\u00a0\u00a0 Kontaktdaten des Verantwortlichen Der Verantwortliche im Sinne der Datenschutz-Grundverordnung und anderer nationaler Datenschutzgesetze der Mitgliedsstaaten sowie sonstiger datenschutzrechtlicher Bestimmungen ist die: EDV Beratung Hartmann Johannes-Mechtel-Strasse 3b 65549 Limburg Deutschland Tel.:\u00a0\u00a0\u00a0\u00a0\u00a0\u00a0\u00a0\u00a0 06431-47575 E-Mail:\u00a0\u00a0 \u00a0 info@edv-beratung-hartmann.de Website:\u00a0 www.edv-beratung-hartmann.de II.\u00a0\u00a0\u00a0\u00a0\u00a0\u00a0 Kontaktdaten des Ansprechpartners f\u00fcr Datenschutz Unseren Ansprechpartner f\u00fcr Datenschutz erreichen Sie unter datenschutz@edv-beratung-hartmann.de oder unter unserer Postadresse [&hellip;]<\/p>\n","protected":false},"author":1,"featured_media":0,"parent":0,"menu_order":0,"comment_status":"closed","ping_status":"closed","template":"","meta":[],"_links":{"self":[{"href":"https:\/\/www.edv-beratung-hartmann.de\/WP\/index.php?rest_route=\/wp\/v2\/pages\/692"}],"collection":[{"href":"https:\/\/www.edv-beratung-hartmann.de\/WP\/index.php?rest_route=\/wp\/v2\/pages"}],"about":[{"href":"https:\/\/www.edv-beratung-hartmann.de\/WP\/index.php?rest_route=\/wp\/v2\/types\/page"}],"author":[{"embeddable":true,"href":"https:\/\/www.edv-beratung-hartmann.de\/WP\/index.php?rest_route=\/wp\/v2\/users\/1"}],"replies":[{"embeddable":true,"href":"https:\/\/www.edv-beratung-hartmann.de\/WP\/index.php?rest_route=%2Fwp%2Fv2%2Fcomments&post=692"}],"version-history":[{"count":14,"href":"https:\/\/www.edv-beratung-hartmann.de\/WP\/index.php?rest_route=\/wp\/v2\/pages\/692\/revisions"}],"predecessor-version":[{"id":709,"href":"https:\/\/www.edv-beratung-hartmann.de\/WP\/index.php?rest_route=\/wp\/v2\/pages\/692\/revisions\/709"}],"wp:attachment":[{"href":"https:\/\/www.edv-beratung-hartmann.de\/WP\/index.php?rest_route=%2Fwp%2Fv2%2Fmedia&parent=692"}],"curies":[{"name":"wp","href":"https:\/\/api.w.org\/{rel}","templated":true}]}}